{"id":2865,"date":"2019-07-11T10:38:27","date_gmt":"2019-07-11T10:38:27","guid":{"rendered":"https:\/\/campdecervia.com\/avisos-legals\/"},"modified":"2020-01-03T07:53:34","modified_gmt":"2020-01-03T07:53:34","slug":"avisos-legals","status":"publish","type":"page","link":"https:\/\/campdecervia.com\/es\/avisos-legals\/","title":{"rendered":"Avisos legales"},"content":{"rendered":"\n<p>Con el fin de dar cumplimiento al art\u00edculo 10 de la Ley 34\/2002 de\nServicios de la Sociedad de la Informaci\u00f3n y del Comercio Electr\u00f3nico,\ninformamos a los usuarios de nuestros datos:<\/p>\n\n\n\n<p>Denominaci\u00f3n Social: CAMP DE CERVI\u00c0 DE LES GARRIGUES I SECCI\u00d3 DE\nCR\u00c8DIT SCCL<\/p>\n\n\n\n<p>Domicilio Social: c\/Albi, 83, 25460 Cervi\u00e0 de les Garrigues,\n(Lleida)<\/p>\n\n\n\n<p>NIF: F25003625<\/p>\n\n\n\n<p>Tel\u00e9fono: 973178006<\/p>\n\n\n\n<p>E-Mail: coop@campdecervia.com<\/p>\n\n\n\n<p>Sitio Web: www.campdecervia.com<\/p>\n\n\n\n<p>Datos Registrales: <\/p>\n\n\n\n<h2 class=\"wp-block-heading\"><strong>1.-\nOBJETO<\/strong><\/h2>\n\n\n\n<p><strong>CAMP DE CERVI\u00c0 DE LES GARRIGUES I SECCI\u00d3 DE CR\u00c8DIT SCCL<\/strong> (en adelante tambi\u00e9n el prestador) c\u00f3mo responsable del sitio web,\npone a disposici\u00f3n de los usuarios el presente documento, que regula el uso del\nsitio web www.campdecervia.com, con el que pretendemos dar cumplimiento a las\nobligaciones que dispone la Ley 34\/2002, de Servicios de la Sociedad de la\nInformaci\u00f3n y del Comercio Electr\u00f3nico (LSSICE o LSSI), as\u00ed como informar a\ntodos los usuarios del sitio web respecto de cu\u00e1les son las condiciones de uso\ndel sitio web.<\/p>\n\n\n\n<p>A trav\u00e9s de la Web, <strong>CAMP DE CERVI\u00c0 DE LES GARRIGUES I SECCI\u00d3 DE\nCR\u00c8DIT SCCL<\/strong> facilita a los usuarios el acceso y utilizaci\u00f3n de diferentes\nservicios y contenidos puestos a disposici\u00f3n a trav\u00e9s del web.<\/p>\n\n\n\n<p>Toda persona que acceda a esta web asume el papel de usuario (en\nadelante el usuario), e implica la aceptaci\u00f3n total y sin reservas de todas y\ncada una de las disposiciones incluidas en este aviso legal, as\u00ed como a\ncualesquiera otras disposiciones legales que fueran de aplicaci\u00f3n.<\/p>\n\n\n\n<p>Como usuarios, tienen que leer atentamente este Aviso Legal en\ncualquier de las ocasiones que entren a la web, pues \u00e9sta puede sufrir\nmodificaciones ya que el prestador se reserva el derecho a modificar cualquier\ntipo de informaci\u00f3n que pudiera aparecer en la web, sin que exista la\nobligaci\u00f3n de pre-avisar o poner en conocimiento de los usuarios estas\nobligaciones, siendo suficientes la publicaci\u00f3n en el sitio web del prestador.<\/p>\n\n\n\n<h2 class=\"wp-block-heading\"><strong>2.\nCONDICIONES DE ACCESO Y USO DE LA WEB.<\/strong><\/h2>\n\n\n\n<h3 class=\"wp-block-heading\"><strong>2.1.\nCar\u00e1cter gratuito del acceso y uso de la web.<\/strong><\/h3>\n\n\n\n<p>La prestaci\u00f3n de los servicios por parte de <strong>CAMP DE CERVI\u00c0 DE LES\nGARRIGUES I SECCI\u00d3 DE CR\u00c8DIT SCCL<\/strong> tiene car\u00e1cter gratuito para todos los\nUsuarios. No obstante, algunos de los servicios suministrados por el prestador\na trav\u00e9s de la Web est\u00e1n sujetas al pago de un precio determinado a las\ncondiciones generales de contrataci\u00f3n.<\/p>\n\n\n\n<h3 class=\"wp-block-heading\"><strong>2.2.\nRegistro de Usuario.<\/strong><\/h3>\n\n\n\n<p>Con car\u00e1cter general la prestaci\u00f3n de los Servicios no exige la\nprevia suscripci\u00f3n o registro de los Usuarios. Aun as\u00ed, <strong>CAMP DE CERVI\u00c0 DE\nLES GARRIGUES I SECCI\u00d3 DE CR\u00c8DIT SCCL<\/strong> condiciona el uso de algunos de los\nservicios a la previa complementaci\u00f3n del correspondiente registro de Usuario.\nEste registro se efectuar\u00e1 en la forma expresamente indicada en la propia secci\u00f3n\ndel servicio.<\/p>\n\n\n\n<h3 class=\"wp-block-heading\"><strong>2.3.\nVeracidad de la informaci\u00f3n.<\/strong><\/h3>\n\n\n\n<p>Toda la informaci\u00f3n que facilita el Usuario tiene que ser veraz. A\nestos efectos, el Usuario garantiza la autenticidad de los datos comunicados a\ntrav\u00e9s de los formularios para la suscripci\u00f3n de los Servicios. Ser\u00e1\nresponsabilidad del Usuario mantener toda la informaci\u00f3n facilitada a <strong>CAMP\nDE CERVI\u00c0 DE LES GARRIGUES I SECCI\u00d3 DE CR\u00c8DIT SCCL<\/strong> permanentemente\nactualizada de forma que responda, en cada momento, a su situaci\u00f3n real. En\ntodo caso, el Usuario ser\u00e1 el \u00fanico responsable de las manifestaciones falsas o\ninexactas que realice y de los perjuicios que cause al prestador o a terceros.<\/p>\n\n\n\n<h3 class=\"wp-block-heading\"><strong>2.4.\nMenores de edad.<\/strong><\/h3>\n\n\n\n<p>Para el uso de los servicios, los menores de edad tienen que obtener\nsiempre previamente el consentimiento de los padres, tutores o representantes\nlegales, responsables \u00faltimos de todos los actos realizados por los menores a\nsu cargo. La responsabilidad en la determinaci\u00f3n de contenidos concretos a los\ncuales acceden los menores corresponde a aquellos, es por eso que si acceden a\ncontenidos no apropiados por Internet, se tendr\u00e1n que establecer en sus\nordenadores mecanismos, en particular programas inform\u00e1ticos, filtros y\nbloqueos, que permitan limitar los contenidos disponibles y, a pesar de que no\nsean infalibles, son de especial utilidad para controlar y restringir los\nmateriales a los que pueden acceder los menores.<\/p>\n\n\n\n<h3 class=\"wp-block-heading\"><strong>2.5.\nObligaci\u00f3n de hacer un uso correcto de la Web.<\/strong><\/h3>\n\n\n\n<p>El Usuario se compromete a utilizar la Web de conformidad a la Ley y\nal presente Aviso Legal, as\u00ed como a la moral y a buenas costumbres. A tal\nefecto, el Usuario se abstendr\u00e1 de utilizar la p\u00e1gina con finalidades il\u00edcitas\no prohibidas, lesivas de derechos e intereses de terceros, o que de cualquier\nforma puedan da\u00f1ar, inutilizar, sobrecargar, deteriorar o impedir la normal\nutilizaci\u00f3n de equipos inform\u00e1ticos o documentos, archivos y toda clase de\ncontenidos almacenados en cualquier equipo inform\u00e1tico del prestador.<\/p>\n\n\n\n<p>En particular, y a t\u00edtulo indicativo pero no exhaustivo, el Usuario\nse compromete a no transmitir, difundir o poner a disposici\u00f3n de terceros\ninformaciones, datos, contenidos, mensajes, gr\u00e1ficos, dibujos, archivos de\nsonido o imagen, fotograf\u00edas, grabaciones, software y, en general, cualquier\nclase de material que:<\/p>\n\n\n\n<p>(a) sea contraria, desprecie o atente contra los\nderechos fundamentales y las libertades p\u00fablicas reconocidas\nconstitucionalmente, en tratados internacionales y otras normas vigentes;<\/p>\n\n\n\n<p>(b) induzca, incite o promueva actuaciones delictivas,\ndenigrantes, difamatorias, violentas o, en general, contrarias a la ley, a la\nmoral y al orden p\u00fablico;<\/p>\n\n\n\n<p>(c) induzca, incite o promueva actuaciones, actitudes\no pensamientos discriminatorios por raz\u00f3n de sexo, raza, religi\u00f3n, creencias,\nedad o condici\u00f3n;<\/p>\n\n\n\n<p>(d) sea contrario al derecho al honor, a la intimidad\npersonal o familiar o a la propia imagen de las personas;<\/p>\n\n\n\n<p>(e) de cualquier manera perjudique la credibilidad del\nprestador o de terceros; y<\/p>\n\n\n\n<p>(f) constituya publicidad il\u00edcita, enga\u00f1osa o desleal.<\/p>\n\n\n\n<h2 class=\"wp-block-heading\"><strong>3.-\nEXCLUSI\u00d3N DE GARANT\u00cdAS Y RESPONSABILIDAD<\/strong><\/h2>\n\n\n\n<p>El prestador se exime de cualquier tipo de responsabilidad derivada\nde la informaci\u00f3n publicada en nuestro sitio web, siempre que esta informaci\u00f3n\nhaya sido manipulada o introducida por un tercero ajeno.<\/p>\n\n\n\n<p>Esta web ha sido\nrevisada y probada para que funcione correctamente. En principio, se puede\ngarantizar el correcto funcionamiento los 365 d\u00edas del a\u00f1o, 24 horas al d\u00eda.\nSin embargo, el prestador no descarta la posibilidad que existan determinados\nerrores de programaci\u00f3n, o que sucedan causas de fuerza mayor, cat\u00e1strofes\nnaturales, huelgas, o circunstancias parecidas que hagan imposible el acceso a\nla p\u00e1gina web.<\/p>\n\n\n\n<p><strong>CAMP DE CERVI\u00c0 DE LES GARRIGUES I SECCI\u00d3 DE CR\u00c8DIT SCCL<\/strong> no otorga ninguna garant\u00eda ni se hace responsable, en ning\u00fan caso,\nde los da\u00f1os y perjuicios de cualquier naturaleza que puedan salir a colaci\u00f3n\nde la falta de disponibilidad, mantenimiento y efectivo funcionamiento de la\nweb o de sus servicios y contenidos; de la existencia de virus, programas\nmaliciosos o lesivos en los contenidos; del uso il\u00edcito, negligente,\nfraudulento o contrario a este Aviso Legal y condiciones de uso; o de La falta\nde licitud, calidad, fiabilidad, utilidad y disponibilidad de los servicios\nprestados por terceros y ademanes a disposici\u00f3n de los usuarios en el sitio\nweb.<\/p>\n\n\n\n<p>El prestador no se hace responsable bajo ning\u00fan concepto de los\nda\u00f1os que puedan dimanar del uso ilegal o indebido de la presente p\u00e1gina web.<\/p>\n\n\n\n<h2 class=\"wp-block-heading\"><strong>4.-\nCOOKIES<\/strong><\/h2>\n\n\n\n<p>El sitio web del prestador puede utilizar cookies (peque\u00f1os archivos\nde informaci\u00f3n que el servidor env\u00eda al ordenador de quien accede en la p\u00e1gina)\npara llevar a cabo determinadas funciones que son consideradas imprescindibles\npara el correcto funcionamiento y visualizaci\u00f3n del lugar. Las cookies\nutilizadas tienen, en todo caso, car\u00e1cter temporal, con la \u00fanica finalidad de\nhacer m\u00e1s eficaz la navegaci\u00f3n, y desaparecen al acabar la sesi\u00f3n del usuario.<\/p>\n\n\n\n<p>En ning\u00fan caso se utilizar\u00e1n las cookies para recoger informaci\u00f3n de car\u00e1cter personal. Para m\u00e1s informaci\u00f3n, ver nuestra <a href=\"https:\/\/campdecervia.com\/es\/politica-de-galetes\/\">Pol\u00edtica de Cookies<\/a>.<\/p>\n\n\n\n<h2 class=\"wp-block-heading\"><strong>5.-\nENLACES (LINKS)<\/strong><\/h2>\n\n\n\n<p>Desde el sitio web es posible que se redirija a contenidos de\nterceras webs. Dado que desde el web no podemos controlar siempre los\ncontenidos introducidos por los terceros, <strong>CAMP DE CERVI\u00c0 DE LES GARRIGUES I\nSECCI\u00d3 DE CR\u00c8DIT SCCL<\/strong> no asume ning\u00fan tipo de responsabilidad respecto a\nestos contenidos. En todo caso, el prestador manifiesta que proceder\u00e1 a la\nretirada inmediata de cualquier contenido que pudiera contravenir la\nlegislaci\u00f3n nacional o internacional, la moral o el orden p\u00fablico, procediendo\na la retirada inmediata de la re-direcci\u00f3n a estas webs, poniendo en\nconocimiento de las autoridades competentes el contenido en cuesti\u00f3n.<\/p>\n\n\n\n<p>El prestador no se responsabiliza de la informaci\u00f3n y contenidos\nalmacenados, a t\u00edtulo enunciativo pero no limitante, en foros, chats,\ngeneradores de blogs, comentarios, redes sociales o cualquiera otro medio que\npermita a terceros publicar contenidos de forma independiente a la p\u00e1gina web\ndel prestador. Sin embargo y en cumplimiento de lo que dispone el art. 11 y 16\nde la LSSICE, el prestador se pone a disposici\u00f3n de todos los usuarios,\nautoridades y fuerzas de seguridad, y colaborando de forma activa en la\nretirada o, cuando sea necesario, el bloqueo de todos aquellos contenidos que\npuedan afectar o contravenir la legislaci\u00f3n nacional, o internacional, derechos\nde terceros o la moral y el orden p\u00fablico. En caso de que el usuario considere\nque puede existir alg\u00fan contenido que pudiera ser susceptible de esta\nclasificaci\u00f3n, se ruega lo notifique de forma inmediata al administrador del\nsitio web.<\/p>\n\n\n\n<h2 class=\"wp-block-heading\"><strong>6.-\nPROTECCI\u00d3N DE DATOS PERSONALES<\/strong><\/h2>\n\n\n\n<p>El prestador est\u00e1 profundamente comprometido con el cumplimiento de\nla normativa de protecci\u00f3n de datos personales y garantiza el cumplimiento\n\u00edntegro de las obligaciones dispuestas, as\u00ed como la implementaci\u00f3n de las\nmedidas de seguridad dispuestas al Reglamento Europeo de Protecci\u00f3n de datos y\nla normativa espa\u00f1ola de protecci\u00f3n de datos. Para m\u00e1s informaci\u00f3n, ver nuestra\nPol\u00edtica de Privacidad.<\/p>\n\n\n\n<h2 class=\"wp-block-heading\"><strong>7.-\nREDES SOCIALES<\/strong><\/h2>\n\n\n\n<p>Le informamos que <strong>CAMP DE CERVI\u00c0 DE LES GARRIGUES I SECCI\u00d3 DE\nCR\u00c8DIT SCCL<\/strong> puede estar presente en redes sociales. El tratamiento de los\ndatos que los usuarios incluyan en las mismas [haci\u00e9ndose seguidores del\nprestador en las redes sociales (y\/o realizando cualquier v\u00ednculo o acci\u00f3n de\nconexi\u00f3n a trav\u00e9s de estas)] se regir\u00e1 por este apartado, as\u00ed como por las\ncondiciones de uso, pol\u00edticas de privacidad y normativas de acceso y uso de las\nredes sociales en cuesti\u00f3n y aceptadas previamente por el usuario. <strong>CAMP DE\nCERVI\u00c0 DE LES GARRIGUES I SECCI\u00d3 DE CR\u00c8DIT SCCL<\/strong> tratar\u00e1 sus datos con el\nfin de informarle de las actividades, productos o servicios del prestador a\ntrav\u00e9s de estas redes sociales, as\u00ed como para cualquier otra finalidad que las\nnormativas de las Redes Sociales permitan, pero no se har\u00e1 responsable de sus\npol\u00edticas de privacidad.<\/p>\n\n\n\n<p>Queda prohibida la publicaci\u00f3n de contenidos:<\/p>\n\n\n\n<p>&#8211; Que sean presuntamente il\u00edcitos por la normativa nacional,\ncomunitaria o internacional o que realicen actividades presuntamente il\u00edcitas o\ncontravengan los principios de la buena fe.<\/p>\n\n\n\n<p>&#8211; Que atenten contra los derechos fundamentales de las personas,\nfalten a la cortes\u00eda en la red, molesten o puedan generar opiniones negativas\nen nuestros usuarios o terceros y en general cualesquiera sean los contenidos\nque <strong>CAMP DE CERVI\u00c0 DE LES GARRIGUES I SECCI\u00d3 DE CR\u00c8DIT SCCL<\/strong> considere no\napropiados.<\/p>\n\n\n\n<p>&#8211; Y en general que contravengan los principios de legalidad,\nhonradez, responsabilidad, protecci\u00f3n de la dignidad humana, protecci\u00f3n de\nmenores, protecci\u00f3n del orden p\u00fablico, la protecci\u00f3n de la vida privada, la\nprotecci\u00f3n del consumidor y los derechos de propiedad intelectual e industrial.<\/p>\n\n\n\n<p>Asimismo, <strong>CAMP DE CERVI\u00c0 DE LES GARRIGUES I SECCI\u00d3 DE CR\u00c8DIT SCCL<\/strong>\nse reserva la potestad de retirar, sin previo aviso del sitio web o de la red\nsocial corporativa aquellos contenidos que se consideren no apropiados.<\/p>\n\n\n\n<h2 class=\"wp-block-heading\"><strong>8.\nPROPIEDAD INTELECTUAL E INDUSTRIAL<\/strong><\/h2>\n\n\n\n<p>El sitio web, incluyendo a t\u00edtulo enunciativo pero no limitativo la\nprogramaci\u00f3n, edici\u00f3n, compilaci\u00f3n y otros elementos necesarios para su\nfuncionamiento, los dise\u00f1os, logotipos, textos, fotograf\u00edas y\/o gr\u00e1ficos son\npropiedad del prestador o, en caso de que fuera necesario, dispone de la\nlicencia o autorizaci\u00f3n expresa por parte de los autores. Todos los contenidos\ndel sitio web se encuentran debidamente protegidos por la normativa de\npropiedad intelectual e industrial.<\/p>\n\n\n\n<p>Independientemente de la finalidad por la que fueran destinados, la\nreproducci\u00f3n total o parcial, uso, distribuci\u00f3n y comunicaci\u00f3n p\u00fablica\nrequieren de la autorizaci\u00f3n escrita previa por parte del prestador. Cualquier\nuso no autorizado previamente por parte del prestador ser\u00e1 considerado un\nincumplimiento grave de los derechos de propiedad intelectual o industrial del\nautor.<\/p>\n\n\n\n<p>Los dise\u00f1os, logotipos, textos y\/o gr\u00e1ficos ajenos al prestador y\nque puedan aparecer en el sitio web, pertenecen a sus respectivos propietarios,\nsiendo ellos mismos los responsables de cualquier posible controversia que\npudiera acontecer respecto a los mismos. En todo caso, el prestador cuenta con\nla autorizaci\u00f3n expresa y previa por parte de los mismos.<\/p>\n\n\n\n<p>El prestador reconoce a favor de sus titulares los correspondientes\nderechos de propiedad industrial e intelectual, no implicando la menci\u00f3n o\naparici\u00f3n en el sitio web, de la existencia de derechos o ninguna\nresponsabilidad del prestador sobre los mismos, como tampoco respaldo,\npatrocinio o recomendaci\u00f3n por parte del mismo.<\/p>\n\n\n\n<p>Para realizar cualquier tipo de observaci\u00f3n respecto a posibles\nincumplimientos de los derechos de propiedad intelectual o industrial, as\u00ed como\nsobre cualquiera de los contenidos del sitio web, puede hacerlo a trav\u00e9s del\ncorreo electr\u00f3nico arriba rese\u00f1ado.<\/p>\n\n\n\n<h2 class=\"wp-block-heading\"><strong>9.-\nLEY APLICABLE Y JURISDICCI\u00d3N<\/strong><\/h2>\n\n\n\n<p>Para la resoluci\u00f3n de las controversias o cuestiones relacionadas\ncon la presente p\u00e1gina web o de las actividades en esta desarrolladas, ser\u00e1 de\naplicaci\u00f3n la legislaci\u00f3n espa\u00f1ola, a la que se someten expresamente las\npartes, siendo competentes por la resoluci\u00f3n de todos los conflictos derivados\no relacionados con su uso los Juzgados y Tribunales de Lleida.<\/p>\n","protected":false},"excerpt":{"rendered":"<p>Con el fin de dar cumplimiento al art\u00edculo 10 de la Ley 34\/2002 de Servicios de la Sociedad de la Informaci\u00f3n y del Comercio Electr\u00f3nico, informamos a los usuarios de nuestros datos: Denominaci\u00f3n Social: CAMP DE CERVI\u00c0 DE LES GARRIGUES I SECCI\u00d3 DE CR\u00c8DIT SCCL Domicilio Social: c\/Albi, 83, 25460 Cervi\u00e0 de les Garrigues, (Lleida) [&hellip;]<\/p>\n","protected":false},"author":1,"featured_media":0,"parent":0,"menu_order":0,"comment_status":"closed","ping_status":"closed","template":"","meta":{"_monsterinsights_skip_tracking":false,"_monsterinsights_sitenote_active":false,"_monsterinsights_sitenote_note":"","_monsterinsights_sitenote_category":0,"footnotes":""},"class_list":["post-2865","page","type-page","status-publish","hentry"],"_links":{"self":[{"href":"https:\/\/campdecervia.com\/es\/wp-json\/wp\/v2\/pages\/2865","targetHints":{"allow":["GET"]}}],"collection":[{"href":"https:\/\/campdecervia.com\/es\/wp-json\/wp\/v2\/pages"}],"about":[{"href":"https:\/\/campdecervia.com\/es\/wp-json\/wp\/v2\/types\/page"}],"author":[{"embeddable":true,"href":"https:\/\/campdecervia.com\/es\/wp-json\/wp\/v2\/users\/1"}],"replies":[{"embeddable":true,"href":"https:\/\/campdecervia.com\/es\/wp-json\/wp\/v2\/comments?post=2865"}],"version-history":[{"count":0,"href":"https:\/\/campdecervia.com\/es\/wp-json\/wp\/v2\/pages\/2865\/revisions"}],"wp:attachment":[{"href":"https:\/\/campdecervia.com\/es\/wp-json\/wp\/v2\/media?parent=2865"}],"curies":[{"name":"wp","href":"https:\/\/api.w.org\/{rel}","templated":true}]}}